{"id":2193,"date":"2021-06-02T13:00:56","date_gmt":"2021-06-02T13:00:56","guid":{"rendered":"http:\/\/gitarrenfestivalwertingen.de\/?page_id=2193"},"modified":"2026-01-28T11:49:00","modified_gmt":"2026-01-28T11:49:00","slug":"konzerte-tickets_2","status":"publish","type":"page","link":"https:\/\/gitarrenfestivalwertingen.de\/?page_id=2193","title":{"rendered":"Konzerte &#038; Tickets"},"content":{"rendered":"\t\t<div data-elementor-type=\"wp-page\" data-elementor-id=\"2193\" class=\"elementor elementor-2193\" data-elementor-settings=\"{&quot;ha_cmc_init_switcher&quot;:&quot;no&quot;}\">\n\t\t\t\t\t\t<section class=\"elementor-section elementor-top-section elementor-element elementor-element-b61c0af elementor-hidden-tablet elementor-hidden-mobile elementor-section-full_width elementor-section-height-default elementor-section-height-default wpr-particle-no wpr-jarallax-no wpr-parallax-no wpr-sticky-section-no wpr-equal-height-no\" data-id=\"b61c0af\" data-element_type=\"section\" data-e-type=\"section\" data-settings=\"{&quot;_ha_eqh_enable&quot;:false}\">\n\t\t\t\t\t\t<div class=\"elementor-container elementor-column-gap-default\">\n\t\t\t\t\t<div class=\"elementor-column elementor-col-100 elementor-top-column elementor-element elementor-element-bc50bfb\" data-id=\"bc50bfb\" data-element_type=\"column\" data-e-type=\"column\">\n\t\t\t<div class=\"elementor-widget-wrap elementor-element-populated\">\n\t\t\t\t\t\t<div class=\"elementor-element elementor-element-7ff351b5 elementor-widget elementor-widget-heading\" data-id=\"7ff351b5\" data-element_type=\"widget\" data-e-type=\"widget\" data-widget_type=\"heading.default\">\n\t\t\t\t<div class=\"elementor-widget-container\">\n\t\t\t\t\t<h4 class=\"elementor-heading-title elementor-size-default\">Konzerte<\/h4>\t\t\t\t<\/div>\n\t\t\t\t<\/div>\n\t\t\t\t<div class=\"elementor-element elementor-element-749d760 elementor-widget elementor-widget-text-editor\" data-id=\"749d760\" data-element_type=\"widget\" data-e-type=\"widget\" data-widget_type=\"text-editor.default\">\n\t\t\t\t<div class=\"elementor-widget-container\">\n\t\t\t\t\t\t\t\t\t<p>Konzertkarten k\u00f6nnen Sie \u00fcber unser <a href=\"https:\/\/gitarrenfestivalwertingen.de\/?page_id=5335\"><strong>Bestellformular<\/strong><\/a> bestellen.<\/p>\t\t\t\t\t\t\t\t<\/div>\n\t\t\t\t<\/div>\n\t\t\t\t\t<\/div>\n\t\t<\/div>\n\t\t\t\t\t<\/div>\n\t\t<\/section>\n\t\t\t\t<section class=\"elementor-section elementor-top-section elementor-element elementor-element-ad747b8 elementor-hidden-desktop elementor-section-boxed elementor-section-height-default elementor-section-height-default wpr-particle-no wpr-jarallax-no wpr-parallax-no wpr-sticky-section-no wpr-equal-height-no\" data-id=\"ad747b8\" data-element_type=\"section\" data-e-type=\"section\" data-settings=\"{&quot;_ha_eqh_enable&quot;:false}\">\n\t\t\t\t\t\t<div class=\"elementor-container elementor-column-gap-default\">\n\t\t\t\t\t<div class=\"elementor-column elementor-col-100 elementor-top-column elementor-element elementor-element-501f87a\" data-id=\"501f87a\" data-element_type=\"column\" data-e-type=\"column\">\n\t\t\t<div class=\"elementor-widget-wrap elementor-element-populated\">\n\t\t\t\t\t\t<div class=\"elementor-element elementor-element-b331a69 elementor-widget elementor-widget-heading\" data-id=\"b331a69\" data-element_type=\"widget\" data-e-type=\"widget\" data-widget_type=\"heading.default\">\n\t\t\t\t<div class=\"elementor-widget-container\">\n\t\t\t\t\t<h4 class=\"elementor-heading-title elementor-size-default\">Konzerte<\/h4>\t\t\t\t<\/div>\n\t\t\t\t<\/div>\n\t\t\t\t<div class=\"elementor-element elementor-element-0a362dd elementor-widget elementor-widget-text-editor\" data-id=\"0a362dd\" data-element_type=\"widget\" data-e-type=\"widget\" data-widget_type=\"text-editor.default\">\n\t\t\t\t<div class=\"elementor-widget-container\">\n\t\t\t\t\t\t\t\t\t<h5 style=\"text-align: center;\"><strong>Konzertkarten k\u00f6nnen Sie \u00fcber unser <a href=\"http:\/\/gitarrenfestivalwertingen.de\/wp-content\/uploads\/2023\/05\/20230512_Bestellformular_Konzerte.pdf\" target=\"_blank\" rel=\"noopener\">Bestellformular <\/a>bestellen.<\/strong><\/h5>\t\t\t\t\t\t\t\t<\/div>\n\t\t\t\t<\/div>\n\t\t\t\t\t<\/div>\n\t\t<\/div>\n\t\t\t\t\t<\/div>\n\t\t<\/section>\n\t\t\t\t<section class=\"elementor-section elementor-top-section elementor-element elementor-element-7808f56f elementor-section-content-middle elementor-section-boxed elementor-section-height-default elementor-section-height-default wpr-particle-no wpr-jarallax-no wpr-parallax-no wpr-sticky-section-no wpr-equal-height-no\" data-id=\"7808f56f\" data-element_type=\"section\" data-e-type=\"section\" data-settings=\"{&quot;animation&quot;:&quot;none&quot;,&quot;_ha_eqh_enable&quot;:false}\">\n\t\t\t\t\t\t<div class=\"elementor-container elementor-column-gap-no\">\n\t\t\t\t\t<div class=\"elementor-column elementor-col-33 elementor-top-column elementor-element elementor-element-2d969ece\" data-id=\"2d969ece\" data-element_type=\"column\" data-e-type=\"column\">\n\t\t\t<div class=\"elementor-widget-wrap elementor-element-populated\">\n\t\t\t\t\t\t<div class=\"elementor-element elementor-element-42f70111 elementor-widget elementor-widget-text-editor\" data-id=\"42f70111\" data-element_type=\"widget\" data-e-type=\"widget\" data-widget_type=\"text-editor.default\">\n\t\t\t\t<div class=\"elementor-widget-container\">\n\t\t\t\t\t\t\t\t\t<p><strong>blues-Night<\/strong><\/p>\t\t\t\t\t\t\t\t<\/div>\n\t\t\t\t<\/div>\n\t\t\t\t<div class=\"elementor-element elementor-element-534e0e4 elementor-widget-divider--view-line elementor-widget elementor-widget-divider\" data-id=\"534e0e4\" data-element_type=\"widget\" data-e-type=\"widget\" data-widget_type=\"divider.default\">\n\t\t\t\t<div class=\"elementor-widget-container\">\n\t\t\t\t\t\t\t<div class=\"elementor-divider\">\n\t\t\t<span class=\"elementor-divider-separator\">\n\t\t\t\t\t\t<\/span>\n\t\t<\/div>\n\t\t\t\t\t\t<\/div>\n\t\t\t\t<\/div>\n\t\t\t\t<div class=\"elementor-element elementor-element-164466bb elementor-widget elementor-widget-heading\" data-id=\"164466bb\" data-element_type=\"widget\" data-e-type=\"widget\" data-widget_type=\"heading.default\">\n\t\t\t\t<div class=\"elementor-widget-container\">\n\t\t\t\t\t<h3 class=\"elementor-heading-title elementor-size-default\">Freitag 09.10.2026<\/h3>\t\t\t\t<\/div>\n\t\t\t\t<\/div>\n\t\t\t\t\t<\/div>\n\t\t<\/div>\n\t\t\t\t<div class=\"elementor-column elementor-col-33 elementor-top-column elementor-element elementor-element-7861cbe9\" data-id=\"7861cbe9\" data-element_type=\"column\" data-e-type=\"column\">\n\t\t\t<div class=\"elementor-widget-wrap elementor-element-populated\">\n\t\t\t\t\t\t<div class=\"elementor-element elementor-element-67050147 elementor-widget elementor-widget-image\" data-id=\"67050147\" data-element_type=\"widget\" data-e-type=\"widget\" data-widget_type=\"image.default\">\n\t\t\t\t<div class=\"elementor-widget-container\">\n\t\t\t\t\t\t\t\t\t\t\t\t\t\t\t<img fetchpriority=\"high\" decoding=\"async\" width=\"2560\" height=\"1707\" src=\"https:\/\/gitarrenfestivalwertingen.de\/wp-content\/uploads\/2026\/01\/RaphaelWressnig_by_lueflight_Press-1-scaled.jpg\" class=\"elementor-animation-grow attachment-full size-full wp-image-5551\" alt=\"\" srcset=\"https:\/\/gitarrenfestivalwertingen.de\/wp-content\/uploads\/2026\/01\/RaphaelWressnig_by_lueflight_Press-1-scaled.jpg 2560w, https:\/\/gitarrenfestivalwertingen.de\/wp-content\/uploads\/2026\/01\/RaphaelWressnig_by_lueflight_Press-1-300x200.jpg 300w, https:\/\/gitarrenfestivalwertingen.de\/wp-content\/uploads\/2026\/01\/RaphaelWressnig_by_lueflight_Press-1-1024x683.jpg 1024w, https:\/\/gitarrenfestivalwertingen.de\/wp-content\/uploads\/2026\/01\/RaphaelWressnig_by_lueflight_Press-1-768x512.jpg 768w, https:\/\/gitarrenfestivalwertingen.de\/wp-content\/uploads\/2026\/01\/RaphaelWressnig_by_lueflight_Press-1-1536x1024.jpg 1536w, https:\/\/gitarrenfestivalwertingen.de\/wp-content\/uploads\/2026\/01\/RaphaelWressnig_by_lueflight_Press-1-2048x1365.jpg 2048w\" sizes=\"(max-width: 2560px) 100vw, 2560px\" \/>\t\t\t\t\t\t\t\t\t\t\t\t\t\t\t<\/div>\n\t\t\t\t<\/div>\n\t\t\t\t<div class=\"elementor-element elementor-element-6625f0e elementor-widget elementor-widget-image\" data-id=\"6625f0e\" data-element_type=\"widget\" data-e-type=\"widget\" data-widget_type=\"image.default\">\n\t\t\t\t<div class=\"elementor-widget-container\">\n\t\t\t\t\t\t\t\t\t\t\t\t\t\t\t<img decoding=\"async\" width=\"240\" height=\"300\" src=\"https:\/\/gitarrenfestivalwertingen.de\/wp-content\/uploads\/2026\/01\/GiseleJackson-240x300.jpg\" class=\"attachment-medium size-medium wp-image-5553\" alt=\"\" srcset=\"https:\/\/gitarrenfestivalwertingen.de\/wp-content\/uploads\/2026\/01\/GiseleJackson-240x300.jpg 240w, https:\/\/gitarrenfestivalwertingen.de\/wp-content\/uploads\/2026\/01\/GiseleJackson-819x1024.jpg 819w, https:\/\/gitarrenfestivalwertingen.de\/wp-content\/uploads\/2026\/01\/GiseleJackson-768x960.jpg 768w, https:\/\/gitarrenfestivalwertingen.de\/wp-content\/uploads\/2026\/01\/GiseleJackson-1229x1536.jpg 1229w, https:\/\/gitarrenfestivalwertingen.de\/wp-content\/uploads\/2026\/01\/GiseleJackson-1638x2048.jpg 1638w, https:\/\/gitarrenfestivalwertingen.de\/wp-content\/uploads\/2026\/01\/GiseleJackson-scaled.jpg 2048w\" sizes=\"(max-width: 240px) 100vw, 240px\" \/>\t\t\t\t\t\t\t\t\t\t\t\t\t\t\t<\/div>\n\t\t\t\t<\/div>\n\t\t\t\t\t<\/div>\n\t\t<\/div>\n\t\t\t\t<div class=\"elementor-column elementor-col-33 elementor-top-column elementor-element elementor-element-7730c593\" data-id=\"7730c593\" data-element_type=\"column\" data-e-type=\"column\">\n\t\t\t<div class=\"elementor-widget-wrap elementor-element-populated\">\n\t\t\t\t\t\t<div class=\"elementor-element elementor-element-c1508a1 elementor-widget elementor-widget-text-editor\" data-id=\"c1508a1\" data-element_type=\"widget\" data-e-type=\"widget\" data-widget_type=\"text-editor.default\">\n\t\t\t\t<div class=\"elementor-widget-container\">\n\t\t\t\t\t\t\t\t\t<p>19:30 Uhr in der Stadthalle<br \/><strong>Raphael Wressnig &amp; Soul Gift Band feat. Gisele Jackson (Vocals), Enrico Crivellaro (Guitar), Eric Cisbani (Drums)<\/strong><\/p><p>Eintritt f\u00fcr das Konzert kostet 25 Euro<\/p>\t\t\t\t\t\t\t\t<\/div>\n\t\t\t\t<\/div>\n\t\t\t\t\t<\/div>\n\t\t<\/div>\n\t\t\t\t\t<\/div>\n\t\t<\/section>\n\t\t\t\t<section class=\"elementor-section elementor-top-section elementor-element elementor-element-65ea3f7 elementor-section-boxed elementor-section-height-default elementor-section-height-default wpr-particle-no wpr-jarallax-no wpr-parallax-no wpr-sticky-section-no wpr-equal-height-no\" data-id=\"65ea3f7\" data-element_type=\"section\" data-e-type=\"section\" data-settings=\"{&quot;_ha_eqh_enable&quot;:false}\">\n\t\t\t\t\t\t<div class=\"elementor-container elementor-column-gap-default\">\n\t\t\t\t\t<div class=\"elementor-column elementor-col-100 elementor-top-column elementor-element elementor-element-70da2c9\" data-id=\"70da2c9\" data-element_type=\"column\" data-e-type=\"column\">\n\t\t\t<div class=\"elementor-widget-wrap elementor-element-populated\">\n\t\t\t\t\t\t<div class=\"elementor-element elementor-element-0a44d4b elementor-widget-divider--view-line elementor-widget elementor-widget-divider\" data-id=\"0a44d4b\" data-element_type=\"widget\" data-e-type=\"widget\" data-widget_type=\"divider.default\">\n\t\t\t\t<div class=\"elementor-widget-container\">\n\t\t\t\t\t\t\t<div class=\"elementor-divider\">\n\t\t\t<span class=\"elementor-divider-separator\">\n\t\t\t\t\t\t<\/span>\n\t\t<\/div>\n\t\t\t\t\t\t<\/div>\n\t\t\t\t<\/div>\n\t\t\t\t\t<\/div>\n\t\t<\/div>\n\t\t\t\t\t<\/div>\n\t\t<\/section>\n\t\t\t\t<section class=\"elementor-section elementor-top-section elementor-element elementor-element-e676d38 elementor-section-content-middle elementor-section-boxed elementor-section-height-default elementor-section-height-default wpr-particle-no wpr-jarallax-no wpr-parallax-no wpr-sticky-section-no wpr-equal-height-no\" data-id=\"e676d38\" data-element_type=\"section\" data-e-type=\"section\" data-settings=\"{&quot;_ha_eqh_enable&quot;:false}\">\n\t\t\t\t\t\t<div class=\"elementor-container elementor-column-gap-no\">\n\t\t\t\t\t<div class=\"elementor-column elementor-col-33 elementor-top-column elementor-element elementor-element-36b18f9\" data-id=\"36b18f9\" data-element_type=\"column\" data-e-type=\"column\">\n\t\t\t<div class=\"elementor-widget-wrap elementor-element-populated\">\n\t\t\t\t\t\t<div class=\"elementor-element elementor-element-7e20c46 elementor-widget elementor-widget-text-editor\" data-id=\"7e20c46\" data-element_type=\"widget\" data-e-type=\"widget\" data-widget_type=\"text-editor.default\">\n\t\t\t\t<div class=\"elementor-widget-container\">\n\t\t\t\t\t\t\t\t\t<p><b>Tango &amp; canciones<\/b><\/p><p>musik von astor piazzolla bis enrique granados<\/p>\t\t\t\t\t\t\t\t<\/div>\n\t\t\t\t<\/div>\n\t\t\t\t<div class=\"elementor-element elementor-element-86d2562 elementor-widget-divider--view-line elementor-widget elementor-widget-divider\" data-id=\"86d2562\" data-element_type=\"widget\" data-e-type=\"widget\" data-widget_type=\"divider.default\">\n\t\t\t\t<div class=\"elementor-widget-container\">\n\t\t\t\t\t\t\t<div class=\"elementor-divider\">\n\t\t\t<span class=\"elementor-divider-separator\">\n\t\t\t\t\t\t<\/span>\n\t\t<\/div>\n\t\t\t\t\t\t<\/div>\n\t\t\t\t<\/div>\n\t\t\t\t<div class=\"elementor-element elementor-element-739e55f elementor-widget elementor-widget-heading\" data-id=\"739e55f\" data-element_type=\"widget\" data-e-type=\"widget\" data-widget_type=\"heading.default\">\n\t\t\t\t<div class=\"elementor-widget-container\">\n\t\t\t\t\t<h3 class=\"elementor-heading-title elementor-size-default\">Samstag 10.10.2026<\/h3>\t\t\t\t<\/div>\n\t\t\t\t<\/div>\n\t\t\t\t<div class=\"elementor-element elementor-element-c59b171 elementor-widget-divider--view-line elementor-widget elementor-widget-divider\" data-id=\"c59b171\" data-element_type=\"widget\" data-e-type=\"widget\" data-widget_type=\"divider.default\">\n\t\t\t\t<div class=\"elementor-widget-container\">\n\t\t\t\t\t\t\t<div class=\"elementor-divider\">\n\t\t\t<span class=\"elementor-divider-separator\">\n\t\t\t\t\t\t<\/span>\n\t\t<\/div>\n\t\t\t\t\t\t<\/div>\n\t\t\t\t<\/div>\n\t\t\t\t<div class=\"elementor-element elementor-element-c95b195 elementor-widget elementor-widget-text-editor\" data-id=\"c95b195\" data-element_type=\"widget\" data-e-type=\"widget\" data-widget_type=\"text-editor.default\">\n\t\t\t\t<div class=\"elementor-widget-container\">\n\t\t\t\t\t\t\t\t\t<p><b>One Week in Rio<\/b><\/p><p>musik von ant\u00f3nio carlos jobim bis egberto gismonti und yamandu costa<\/p>\t\t\t\t\t\t\t\t<\/div>\n\t\t\t\t<\/div>\n\t\t\t\t\t<\/div>\n\t\t<\/div>\n\t\t\t\t<div class=\"elementor-column elementor-col-33 elementor-top-column elementor-element elementor-element-1c8df4c\" data-id=\"1c8df4c\" data-element_type=\"column\" data-e-type=\"column\">\n\t\t\t<div class=\"elementor-widget-wrap elementor-element-populated\">\n\t\t\t\t\t\t<div class=\"elementor-element elementor-element-11f7f20 elementor-widget elementor-widget-image\" data-id=\"11f7f20\" data-element_type=\"widget\" data-e-type=\"widget\" data-widget_type=\"image.default\">\n\t\t\t\t<div class=\"elementor-widget-container\">\n\t\t\t\t\t\t\t\t\t\t\t\t\t\t\t<img decoding=\"async\" src=\"https:\/\/gitarrenfestivalwertingen.de\/wp-content\/uploads\/2026\/01\/DorisOrsan_JohannesTonioKreuschbyDetlefSchneider1.jpg\" title=\"DorisOrsan_JohannesTonioKreuschbyDetlefSchneider1\" alt=\"DorisOrsan_JohannesTonioKreuschbyDetlefSchneider1\" class=\"elementor-animation-grow\" loading=\"lazy\" \/>\t\t\t\t\t\t\t\t\t\t\t\t\t\t\t<\/div>\n\t\t\t\t<\/div>\n\t\t\t\t\t<\/div>\n\t\t<\/div>\n\t\t\t\t<div class=\"elementor-column elementor-col-33 elementor-top-column elementor-element elementor-element-bf46606\" data-id=\"bf46606\" data-element_type=\"column\" data-e-type=\"column\">\n\t\t\t<div class=\"elementor-widget-wrap elementor-element-populated\">\n\t\t\t\t\t\t<div class=\"elementor-element elementor-element-c0b6b1c elementor-widget elementor-widget-text-editor\" data-id=\"c0b6b1c\" data-element_type=\"widget\" data-e-type=\"widget\" data-widget_type=\"text-editor.default\">\n\t\t\t\t<div class=\"elementor-widget-container\">\n\t\t\t\t\t\t\t\t\t<p>19:30 Uhr in der Stadthalle<br \/><strong>Doris Orsan (Violine) &amp; Johannes Tonio Kreusch (<\/strong><strong>Gitarre)<\/strong><\/p><p>21:00 Uhr in der Stadthalle<br \/><strong>Adam Woch &amp; Robert Guzik\u00a0 (Gitarren-Duo)<\/strong><\/p><p>Eintritt f\u00fcr das Einzelkonzert jeweils 20 Euro, Ticket f\u00fcr beide Konzerte 35 Euro<\/p>\t\t\t\t\t\t\t\t<\/div>\n\t\t\t\t<\/div>\n\t\t\t\t<div class=\"elementor-element elementor-element-443bb67 elementor-widget elementor-widget-image\" data-id=\"443bb67\" data-element_type=\"widget\" data-e-type=\"widget\" data-widget_type=\"image.default\">\n\t\t\t\t<div class=\"elementor-widget-container\">\n\t\t\t\t\t\t\t\t\t\t\t\t\t\t\t<img decoding=\"async\" width=\"800\" height=\"533\" src=\"https:\/\/gitarrenfestivalwertingen.de\/wp-content\/uploads\/2026\/01\/Woch-Guzik-pic.-Rafal-Maslow2.jpg\" class=\"elementor-animation-grow attachment-full size-full wp-image-5574\" alt=\"\" srcset=\"https:\/\/gitarrenfestivalwertingen.de\/wp-content\/uploads\/2026\/01\/Woch-Guzik-pic.-Rafal-Maslow2.jpg 800w, https:\/\/gitarrenfestivalwertingen.de\/wp-content\/uploads\/2026\/01\/Woch-Guzik-pic.-Rafal-Maslow2-300x200.jpg 300w, https:\/\/gitarrenfestivalwertingen.de\/wp-content\/uploads\/2026\/01\/Woch-Guzik-pic.-Rafal-Maslow2-768x512.jpg 768w\" sizes=\"(max-width: 800px) 100vw, 800px\" \/>\t\t\t\t\t\t\t\t\t\t\t\t\t\t\t<\/div>\n\t\t\t\t<\/div>\n\t\t\t\t\t<\/div>\n\t\t<\/div>\n\t\t\t\t\t<\/div>\n\t\t<\/section>\n\t\t\t\t<section class=\"elementor-section elementor-top-section elementor-element elementor-element-754686c elementor-section-boxed elementor-section-height-default elementor-section-height-default wpr-particle-no wpr-jarallax-no wpr-parallax-no wpr-sticky-section-no wpr-equal-height-no\" data-id=\"754686c\" data-element_type=\"section\" data-e-type=\"section\" data-settings=\"{&quot;_ha_eqh_enable&quot;:false}\">\n\t\t\t\t\t\t<div class=\"elementor-container elementor-column-gap-default\">\n\t\t\t\t\t<div class=\"elementor-column elementor-col-100 elementor-top-column elementor-element elementor-element-991aab8\" data-id=\"991aab8\" data-element_type=\"column\" data-e-type=\"column\">\n\t\t\t<div class=\"elementor-widget-wrap elementor-element-populated\">\n\t\t\t\t\t\t<div class=\"elementor-element elementor-element-72059f3 elementor-widget-divider--view-line elementor-widget elementor-widget-divider\" data-id=\"72059f3\" data-element_type=\"widget\" data-e-type=\"widget\" data-widget_type=\"divider.default\">\n\t\t\t\t<div class=\"elementor-widget-container\">\n\t\t\t\t\t\t\t<div class=\"elementor-divider\">\n\t\t\t<span class=\"elementor-divider-separator\">\n\t\t\t\t\t\t<\/span>\n\t\t<\/div>\n\t\t\t\t\t\t<\/div>\n\t\t\t\t<\/div>\n\t\t\t\t\t<\/div>\n\t\t<\/div>\n\t\t\t\t\t<\/div>\n\t\t<\/section>\n\t\t\t\t<section class=\"elementor-section elementor-top-section elementor-element elementor-element-04c09a0 elementor-section-content-middle elementor-section-boxed elementor-section-height-default elementor-section-height-default wpr-particle-no wpr-jarallax-no wpr-parallax-no wpr-sticky-section-no wpr-equal-height-no\" data-id=\"04c09a0\" data-element_type=\"section\" data-e-type=\"section\" data-settings=\"{&quot;_ha_eqh_enable&quot;:false}\">\n\t\t\t\t\t\t<div class=\"elementor-container elementor-column-gap-no\">\n\t\t\t\t\t<div class=\"elementor-column elementor-col-33 elementor-top-column elementor-element elementor-element-fdb132c\" data-id=\"fdb132c\" data-element_type=\"column\" data-e-type=\"column\">\n\t\t\t<div class=\"elementor-widget-wrap elementor-element-populated\">\n\t\t\t\t\t\t<div class=\"elementor-element elementor-element-f383681 elementor-widget elementor-widget-text-editor\" data-id=\"f383681\" data-element_type=\"widget\" data-e-type=\"widget\" data-widget_type=\"text-editor.default\">\n\t\t\t\t<div class=\"elementor-widget-container\">\n\t\t\t\t\t\t\t\t\t<p><b>Rising Star<\/b><\/p><p><strong>Matin\u00e9e<\/strong><\/p>\t\t\t\t\t\t\t\t<\/div>\n\t\t\t\t<\/div>\n\t\t\t\t<div class=\"elementor-element elementor-element-e7ee48f elementor-widget-divider--view-line elementor-widget elementor-widget-divider\" data-id=\"e7ee48f\" data-element_type=\"widget\" data-e-type=\"widget\" data-widget_type=\"divider.default\">\n\t\t\t\t<div class=\"elementor-widget-container\">\n\t\t\t\t\t\t\t<div class=\"elementor-divider\">\n\t\t\t<span class=\"elementor-divider-separator\">\n\t\t\t\t\t\t<\/span>\n\t\t<\/div>\n\t\t\t\t\t\t<\/div>\n\t\t\t\t<\/div>\n\t\t\t\t<div class=\"elementor-element elementor-element-f056f1f elementor-widget elementor-widget-heading\" data-id=\"f056f1f\" data-element_type=\"widget\" data-e-type=\"widget\" data-widget_type=\"heading.default\">\n\t\t\t\t<div class=\"elementor-widget-container\">\n\t\t\t\t\t<h3 class=\"elementor-heading-title elementor-size-default\">Sonntag 11.10.2026<\/h3>\t\t\t\t<\/div>\n\t\t\t\t<\/div>\n\t\t\t\t\t<\/div>\n\t\t<\/div>\n\t\t\t\t<div class=\"elementor-column elementor-col-33 elementor-top-column elementor-element elementor-element-259fb77\" data-id=\"259fb77\" data-element_type=\"column\" data-e-type=\"column\">\n\t\t\t<div class=\"elementor-widget-wrap elementor-element-populated\">\n\t\t\t\t\t\t<div class=\"elementor-element elementor-element-91bd2e9 elementor-widget elementor-widget-image\" data-id=\"91bd2e9\" data-element_type=\"widget\" data-e-type=\"widget\" data-widget_type=\"image.default\">\n\t\t\t\t<div class=\"elementor-widget-container\">\n\t\t\t\t\t\t\t\t\t\t\t\t\t\t\t<img loading=\"lazy\" decoding=\"async\" width=\"1024\" height=\"768\" src=\"https:\/\/gitarrenfestivalwertingen.de\/wp-content\/uploads\/2025\/03\/guitar-2119_1280-1024x768.jpg\" class=\"attachment-large size-large wp-image-5216\" alt=\"\" srcset=\"https:\/\/gitarrenfestivalwertingen.de\/wp-content\/uploads\/2025\/03\/guitar-2119_1280-1024x768.jpg 1024w, https:\/\/gitarrenfestivalwertingen.de\/wp-content\/uploads\/2025\/03\/guitar-2119_1280-300x225.jpg 300w, https:\/\/gitarrenfestivalwertingen.de\/wp-content\/uploads\/2025\/03\/guitar-2119_1280-768x576.jpg 768w, https:\/\/gitarrenfestivalwertingen.de\/wp-content\/uploads\/2025\/03\/guitar-2119_1280.jpg 1137w\" sizes=\"(max-width: 1024px) 100vw, 1024px\" \/>\t\t\t\t\t\t\t\t\t\t\t\t\t\t\t<\/div>\n\t\t\t\t<\/div>\n\t\t\t\t\t<\/div>\n\t\t<\/div>\n\t\t\t\t<div class=\"elementor-column elementor-col-33 elementor-top-column elementor-element elementor-element-4684b20\" data-id=\"4684b20\" data-element_type=\"column\" data-e-type=\"column\">\n\t\t\t<div class=\"elementor-widget-wrap elementor-element-populated\">\n\t\t\t\t\t\t<div class=\"elementor-element elementor-element-c149dd4 elementor-widget elementor-widget-text-editor\" data-id=\"c149dd4\" data-element_type=\"widget\" data-e-type=\"widget\" data-widget_type=\"text-editor.default\">\n\t\t\t\t<div class=\"elementor-widget-container\">\n\t\t\t\t\t\t\t\t\t<p>11:00 Uhr in der Aula der Grundschule<br><strong>Gitarre<\/strong><\/p>\n<p>Eintritt 15 Euro<\/p>\t\t\t\t\t\t\t\t<\/div>\n\t\t\t\t<\/div>\n\t\t\t\t\t<\/div>\n\t\t<\/div>\n\t\t\t\t\t<\/div>\n\t\t<\/section>\n\t\t\t\t<\/div>\n\t\t","protected":false},"excerpt":{"rendered":"<p>Konzerte Konzertkarten k\u00f6nnen Sie \u00fcber unser Bestellformular bestellen. Konzerte Konzertkarten k\u00f6nnen Sie \u00fcber unser Bestellformular bestellen. blues-Night Freitag 09.10.2026 19:30 Uhr in der StadthalleRaphael Wressnig &amp; Soul Gift Band feat. Gisele Jackson (Vocals), Enrico Crivellaro (Guitar), Eric Cisbani (Drums) Eintritt f\u00fcr das Konzert kostet 25 Euro Tango &amp; canciones musik von astor piazzolla bis enrique granados Samstag 10.10.2026 One Week in Rio musik von ant\u00f3nio carlos jobim bis egberto gismonti und yamandu costa 19:30 Uhr in der StadthalleDoris Orsan (Violine) &amp; Johannes Tonio Kreusch (Gitarre) 21:00 Uhr in der StadthalleAdam Woch &amp; Robert Guzik\u00a0 (Gitarren-Duo) Eintritt f\u00fcr das Einzelkonzert jeweils 20 Euro, Ticket f\u00fcr beide Konzerte 35 Euro Rising Star Matin\u00e9e Sonntag 11.10.2026 11:00 Uhr in der Aula der GrundschuleGitarre Eintritt 15 Euro<\/p>\n","protected":false},"author":3,"featured_media":0,"parent":0,"menu_order":0,"comment_status":"closed","ping_status":"closed","template":"","meta":{"ngg_post_thumbnail":0,"ocean_post_layout":"","ocean_both_sidebars_style":"","ocean_both_sidebars_content_width":0,"ocean_both_sidebars_sidebars_width":0,"ocean_sidebar":"","ocean_second_sidebar":"","ocean_disable_margins":"enable","ocean_add_body_class":"","ocean_shortcode_before_top_bar":"","ocean_shortcode_after_top_bar":"","ocean_shortcode_before_header":"","ocean_shortcode_after_header":"","ocean_has_shortcode":"","ocean_shortcode_after_title":"","ocean_shortcode_before_footer_widgets":"","ocean_shortcode_after_footer_widgets":"","ocean_shortcode_before_footer_bottom":"","ocean_shortcode_after_footer_bottom":"","ocean_display_top_bar":"default","ocean_display_header":"default","ocean_header_style":"","ocean_center_header_left_menu":"","ocean_custom_header_template":"","ocean_custom_logo":0,"ocean_custom_retina_logo":0,"ocean_custom_logo_max_width":0,"ocean_custom_logo_tablet_max_width":0,"ocean_custom_logo_mobile_max_width":0,"ocean_custom_logo_max_height":0,"ocean_custom_logo_tablet_max_height":0,"ocean_custom_logo_mobile_max_height":0,"ocean_header_custom_menu":"","ocean_menu_typo_font_family":"","ocean_menu_typo_font_subset":"","ocean_menu_typo_font_size":0,"ocean_menu_typo_font_size_tablet":0,"ocean_menu_typo_font_size_mobile":0,"ocean_menu_typo_font_size_unit":"px","ocean_menu_typo_font_weight":"","ocean_menu_typo_font_weight_tablet":"","ocean_menu_typo_font_weight_mobile":"","ocean_menu_typo_transform":"","ocean_menu_typo_transform_tablet":"","ocean_menu_typo_transform_mobile":"","ocean_menu_typo_line_height":0,"ocean_menu_typo_line_height_tablet":0,"ocean_menu_typo_line_height_mobile":0,"ocean_menu_typo_line_height_unit":"","ocean_menu_typo_spacing":0,"ocean_menu_typo_spacing_tablet":0,"ocean_menu_typo_spacing_mobile":0,"ocean_menu_typo_spacing_unit":"","ocean_menu_link_color":"","ocean_menu_link_color_hover":"","ocean_menu_link_color_active":"","ocean_menu_link_background":"","ocean_menu_link_hover_background":"","ocean_menu_link_active_background":"","ocean_menu_social_links_bg":"","ocean_menu_social_hover_links_bg":"","ocean_menu_social_links_color":"","ocean_menu_social_hover_links_color":"","ocean_disable_title":"default","ocean_disable_heading":"default","ocean_post_title":"","ocean_post_subheading":"","ocean_post_title_style":"","ocean_post_title_background_color":"","ocean_post_title_background":0,"ocean_post_title_bg_image_position":"","ocean_post_title_bg_image_attachment":"","ocean_post_title_bg_image_repeat":"","ocean_post_title_bg_image_size":"","ocean_post_title_height":0,"ocean_post_title_bg_overlay":0.5,"ocean_post_title_bg_overlay_color":"","ocean_disable_breadcrumbs":"default","ocean_breadcrumbs_color":"","ocean_breadcrumbs_separator_color":"","ocean_breadcrumbs_links_color":"","ocean_breadcrumbs_links_hover_color":"","ocean_display_footer_widgets":"default","ocean_display_footer_bottom":"default","ocean_custom_footer_template":"","footnotes":""},"class_list":["post-2193","page","type-page","status-publish","hentry","entry"],"_links":{"self":[{"href":"https:\/\/gitarrenfestivalwertingen.de\/index.php?rest_route=\/wp\/v2\/pages\/2193","targetHints":{"allow":["GET"]}}],"collection":[{"href":"https:\/\/gitarrenfestivalwertingen.de\/index.php?rest_route=\/wp\/v2\/pages"}],"about":[{"href":"https:\/\/gitarrenfestivalwertingen.de\/index.php?rest_route=\/wp\/v2\/types\/page"}],"author":[{"embeddable":true,"href":"https:\/\/gitarrenfestivalwertingen.de\/index.php?rest_route=\/wp\/v2\/users\/3"}],"replies":[{"embeddable":true,"href":"https:\/\/gitarrenfestivalwertingen.de\/index.php?rest_route=%2Fwp%2Fv2%2Fcomments&post=2193"}],"version-history":[{"count":287,"href":"https:\/\/gitarrenfestivalwertingen.de\/index.php?rest_route=\/wp\/v2\/pages\/2193\/revisions"}],"predecessor-version":[{"id":5608,"href":"https:\/\/gitarrenfestivalwertingen.de\/index.php?rest_route=\/wp\/v2\/pages\/2193\/revisions\/5608"}],"wp:attachment":[{"href":"https:\/\/gitarrenfestivalwertingen.de\/index.php?rest_route=%2Fwp%2Fv2%2Fmedia&parent=2193"}],"curies":[{"name":"wp","href":"https:\/\/api.w.org\/{rel}","templated":true}]}}