{"id":28,"date":"2018-01-17T08:39:01","date_gmt":"2018-01-17T08:39:01","guid":{"rendered":"http:\/\/gitarrenfestivalwertingen.de\/?page_id=28"},"modified":"2018-05-17T15:04:08","modified_gmt":"2018-05-17T15:04:08","slug":"impressum","status":"publish","type":"page","link":"https:\/\/gitarrenfestivalwertingen.de\/?page_id=28","title":{"rendered":"Impressum"},"content":{"rendered":"<p><span style=\"font-size: 12pt; color: #000000;\"><strong>Angaben gem\u00e4\u00df \u00a7 5 TMG:<\/strong><\/span><\/p>\n<p><span style=\"font-size: 12pt; color: #000000;\">Stadt Wertingen<\/span><\/p>\n<p><span style=\"font-size: 12pt; color: #000000;\">Schulstr. 12<\/span><\/p>\n<p><span style=\"font-size: 12pt; color: #000000;\">86637 Wertingen<\/span><\/p>\n<p><span style=\"font-size: 12pt; color: #000000;\"><strong>&nbsp;<\/strong><\/span><\/p>\n<p><span style=\"font-size: 12pt; color: #000000;\"><strong>Vertreten durch:<\/strong><\/span><\/p>\n<p><span style=\"font-size: 12pt; color: #000000;\">1. B\u00fcrgermeister Wilhelm Lehmeier<\/span><\/p>\n<p><span style=\"font-size: 12pt; color: #000000;\"><strong>&nbsp;<\/strong><\/span><\/p>\n<p><span style=\"font-size: 12pt; color: #000000;\"><strong>Kontakt:<\/strong><\/span><\/p>\n<p><span style=\"font-size: 12pt; color: #000000;\">Telefon: 08272 \/ 84 0<\/span><\/p>\n<p><span style=\"font-size: 12pt; color: #000000;\">Telefax: 08272 \/ 84 469<\/span><\/p>\n<p><span style=\"font-size: 12pt; color: #000000;\">E-Mail:&nbsp;<span id=\"cloakb32368350b5b5f759b5b99e8da821d2e\"><a style=\"color: #000000;\" href=\"mailto:poststelle@vg-wertingen.de\">poststelle@vg-wertingen.de<\/a><\/span><\/span><\/p>\n<p><span style=\"font-size: 12pt; color: #000000;\"><strong>&nbsp;<\/strong><\/span><\/p>\n<p><span style=\"font-size: 12pt; color: #000000;\"><strong>Zust\u00e4ndige Aufsichtsbeh\u00f6rde:<\/strong><\/span><\/p>\n<p><span style=\"font-size: 12pt; color: #000000;\">Landratsamt Dillingen a.d. Donau<\/span><\/p>\n<p><span style=\"font-size: 12pt; color: #000000;\">Gro\u00dfe Allee 24<\/span><\/p>\n<p><span style=\"font-size: 12pt; color: #000000;\">89407 Dillingen a.d. Donau<\/span><\/p>\n<p><span style=\"font-size: 12pt; color: #000000;\">https:\/\/www.landkreis-dillingen.de\/<\/span><\/p>\n<p><span style=\"font-size: 12pt; color: #000000;\"><strong>&nbsp;<\/strong><strong>&nbsp;<\/strong><\/span><\/p>\n<p><span style=\"font-size: 12pt; color: #000000;\"><strong>Verantwortlich f\u00fcr den Inhalt nach \u00a7 55 Abs. 2 RStV:<\/strong><\/span><\/p>\n<p><span style=\"font-size: 12pt; color: #000000;\">1. B\u00fcrgermeister Wilhelm Lehmeier<\/span><\/p>\n<p><span style=\"font-size: 12pt; color: #000000;\">Schulstr. 12<\/span><\/p>\n<p><span style=\"font-size: 12pt; color: #000000;\">86637 Wertingen<\/span><\/p>\n<p><span style=\"font-size: 12pt; color: #000000;\"><strong>&nbsp;<\/strong><strong>&nbsp;<\/strong><\/span><\/p>\n<p><span style=\"font-size: 12pt; color: #000000;\"><strong>Streitschlichtung<\/strong><\/span><\/p>\n<p><span style=\"font-size: 12pt; color: #000000;\">Wir sind nicht bereit oder verpflichtet, an Streitbeilegungsverfahren vor einer<\/span><\/p>\n<p><span style=\"font-size: 12pt; color: #000000;\">Verbraucherschlichtungsstelle teilzunehmen.<\/span><\/p>\n<p><span style=\"font-size: 12pt; color: #000000;\"><strong>&nbsp;<\/strong><strong>&nbsp;<\/strong><\/span><\/p>\n<p><span style=\"font-size: 12pt; color: #000000;\"><strong>Haftung f\u00fcr Inhalte<\/strong><\/span><\/p>\n<p><span style=\"font-size: 12pt; color: #000000;\">Als Diensteanbieter sind wir gem\u00e4\u00df \u00a7 7 Abs.1 TMG f\u00fcr eigene Inhalte auf diesen Seiten nach den<\/span><\/p>\n<p><span style=\"font-size: 12pt; color: #000000;\">allgemeinen Gesetzen verantwortlich. Nach \u00a7\u00a7 8 bis 10 TMG sind wir als Diensteanbieter jedoch nicht<\/span><\/p>\n<p><span style=\"font-size: 12pt; color: #000000;\">verpflichtet, \u00fcbermittelte oder gespeicherte fremde Informationen zu \u00fcberwachen oder nach Umst\u00e4nden<\/span><\/p>\n<p><span style=\"font-size: 12pt; color: #000000;\">zu forschen, die auf eine rechtswidrige T\u00e4tigkeit hinweisen.<\/span><\/p>\n<p><span style=\"font-size: 12pt; color: #000000;\">Verpflichtungen zur Entfernung oder Sperrung der Nutzung von Informationen nach den allgemeinen<\/span><\/p>\n<p><span style=\"font-size: 12pt; color: #000000;\">Gesetzen bleiben hiervon unber\u00fchrt. Eine diesbez\u00fcgliche Haftung ist jedoch erst ab dem Zeitpunkt der<\/span><\/p>\n<p><span style=\"font-size: 12pt; color: #000000;\">Kenntnis einer konkreten Rechtsverletzung m\u00f6glich. Bei Bekanntwerden von entsprechenden<\/span><\/p>\n<p><span style=\"font-size: 12pt; color: #000000;\">Rechtsverletzungen werden wir diese Inhalte umgehend entfernen.<\/span><\/p>\n<p><span style=\"font-size: 12pt; color: #000000;\"><strong>&nbsp;<\/strong><strong>&nbsp;<\/strong><\/span><\/p>\n<p><span style=\"font-size: 12pt; color: #000000;\"><strong>Haftung f\u00fcr Links<\/strong><\/span><\/p>\n<p><span style=\"font-size: 12pt; color: #000000;\">Unser Angebot enth\u00e4lt Links zu externen Websites Dritter, auf deren Inhalte wir keinen Einfluss haben.<\/span><\/p>\n<p><span style=\"font-size: 12pt; color: #000000;\">Deshalb k\u00f6nnen wir f\u00fcr diese fremden Inhalte auch keine Gew\u00e4hr \u00fcbernehmen. F\u00fcr die Inhalte der<\/span><\/p>\n<p><span style=\"font-size: 12pt; color: #000000;\">verlinkten Seiten ist stets der jeweilige Anbieter oder Betreiber der Seiten verantwortlich. Die verlinkten<\/span><\/p>\n<p><span style=\"font-size: 12pt; color: #000000;\">Seiten wurden zum Zeitpunkt der Verlinkung auf m\u00f6gliche Rechtsverst\u00f6\u00dfe \u00fcberpr\u00fcft. Rechtswidrige<\/span><\/p>\n<p><span style=\"font-size: 12pt; color: #000000;\">Inhalte waren zum Zeitpunkt der Verlinkung nicht erkennbar.<\/span><\/p>\n<p><span style=\"font-size: 12pt; color: #000000;\">Eine permanente inhaltliche Kontrolle der verlinkten Seiten ist jedoch ohne konkrete Anhaltspunkte einer<\/span><\/p>\n<p><span style=\"font-size: 12pt; color: #000000;\">Rechtsverletzung nicht zumutbar. Bei Bekanntwerden von Rechtsverletzungen werden wir derartige Links<\/span><\/p>\n<p><span style=\"font-size: 12pt; color: #000000;\">umgehend entfernen.<\/span><\/p>\n<p><span style=\"font-size: 12pt; color: #000000;\"><strong>&nbsp;<\/strong><strong>&nbsp;<\/strong><\/span><\/p>\n<p><span style=\"font-size: 12pt; color: #000000;\"><strong>Urheberrecht<\/strong><\/span><\/p>\n<p><span style=\"font-size: 12pt; color: #000000;\">Die durch die Seitenbetreiber erstellten Inhalte und Werke auf diesen Seiten unterliegen dem deutschen<\/span><\/p>\n<p><span style=\"font-size: 12pt; color: #000000;\">Urheberrecht. Die Vervielf\u00e4ltigung, Bearbeitung, Verbreitung und jede Art der Verwertung au\u00dferhalb der<\/span><\/p>\n<p><span style=\"font-size: 12pt; color: #000000;\">Grenzen des Urheberrechtes bed\u00fcrfen der schriftlichen Zustimmung des jeweiligen Autors bzw.<\/span><\/p>\n<p><span style=\"font-size: 12pt; color: #000000;\">Erstellers. Downloads und Kopien dieser Seite sind nur f\u00fcr den privaten, nicht kommerziellen Gebrauch<\/span><\/p>\n<p><span style=\"font-size: 12pt; color: #000000;\">gestattet.<\/span><\/p>\n<p><span style=\"font-size: 12pt; color: #000000;\">Soweit die Inhalte auf dieser Seite nicht vom Betreiber erstellt wurden, werden die Urheberrechte Dritter<\/span><\/p>\n<p><span style=\"font-size: 12pt; color: #000000;\">beachtet. Insbesondere werden Inhalte Dritter als solche gekennzeichnet. Sollten Sie trotzdem auf eine<\/span><\/p>\n<p><span style=\"font-size: 12pt; color: #000000;\">Urheberrechtsverletzung aufmerksam werden, bitten wir um einen entsprechenden Hinweis. Bei<\/span><\/p>\n<p><span style=\"font-size: 12pt; color: #000000;\">Bekanntwerden von Rechtsverletzungen werden wir derartige Inhalte umgehend entfernen.<\/span><\/p>\n<p>&nbsp;<\/p>\n<p><span style=\"font-size: 8pt; color: #000000;\">Quelle:&nbsp;<a style=\"color: #000000;\" href=\"https:\/\/www.e-recht24.de\/\" target=\"_blank\" rel=\"noopener\">https:\/\/www.e-recht24.de<\/a><\/span><\/p>\n","protected":false},"excerpt":{"rendered":"<p>Angaben gem\u00e4\u00df \u00a7 5 TMG: Stadt Wertingen Schulstr. 12 86637 Wertingen &nbsp; Vertreten durch: 1. B\u00fcrgermeister Wilhelm Lehmeier &nbsp; Kontakt: Telefon: 08272 \/ 84 0 Telefax: 08272 \/ 84 469 E-Mail:&nbsp;poststelle@vg-wertingen.de &nbsp; Zust\u00e4ndige Aufsichtsbeh\u00f6rde: Landratsamt Dillingen a.d. Donau Gro\u00dfe Allee 24 89407 Dillingen a.d. Donau https:\/\/www.landkreis-dillingen.de\/ &nbsp;&nbsp; Verantwortlich f\u00fcr den Inhalt nach \u00a7 55 Abs. 2 RStV: 1. B\u00fcrgermeister Wilhelm Lehmeier Schulstr. 12 86637 Wertingen &nbsp;&nbsp; Streitschlichtung Wir sind nicht bereit oder verpflichtet, an Streitbeilegungsverfahren vor einer Verbraucherschlichtungsstelle teilzunehmen. &nbsp;&nbsp; Haftung f\u00fcr Inhalte Als Diensteanbieter sind wir gem\u00e4\u00df \u00a7 7 Abs.1 TMG f\u00fcr eigene Inhalte auf diesen Seiten nach den allgemeinen Gesetzen verantwortlich. Nach \u00a7\u00a7 8 bis 10 TMG sind wir als Diensteanbieter jedoch nicht verpflichtet, \u00fcbermittelte oder gespeicherte fremde Informationen zu \u00fcberwachen oder nach Umst\u00e4nden zu forschen, die auf eine rechtswidrige T\u00e4tigkeit hinweisen. Verpflichtungen zur Entfernung oder Sperrung der Nutzung von Informationen nach den allgemeinen Gesetzen bleiben hiervon unber\u00fchrt. Eine diesbez\u00fcgliche Haftung ist jedoch erst ab dem Zeitpunkt der Kenntnis einer konkreten Rechtsverletzung m\u00f6glich. Bei Bekanntwerden von entsprechenden Rechtsverletzungen werden wir diese Inhalte umgehend entfernen. &nbsp;&nbsp; Haftung f\u00fcr Links Unser Angebot enth\u00e4lt Links zu externen Websites Dritter, auf deren Inhalte wir keinen Einfluss haben. Deshalb k\u00f6nnen wir f\u00fcr diese fremden Inhalte auch keine Gew\u00e4hr \u00fcbernehmen. F\u00fcr die Inhalte der verlinkten Seiten ist stets der jeweilige Anbieter oder Betreiber der Seiten verantwortlich. Die verlinkten Seiten wurden zum Zeitpunkt der Verlinkung auf m\u00f6gliche Rechtsverst\u00f6\u00dfe \u00fcberpr\u00fcft. Rechtswidrige Inhalte waren zum Zeitpunkt der Verlinkung nicht erkennbar. Eine permanente inhaltliche Kontrolle der verlinkten Seiten ist jedoch ohne konkrete Anhaltspunkte einer Rechtsverletzung nicht zumutbar. Bei Bekanntwerden von Rechtsverletzungen werden wir derartige Links umgehend entfernen. &nbsp;&nbsp; Urheberrecht Die durch die Seitenbetreiber erstellten Inhalte und Werke auf diesen Seiten unterliegen dem deutschen Urheberrecht. Die Vervielf\u00e4ltigung, Bearbeitung, Verbreitung und jede Art der Verwertung au\u00dferhalb der Grenzen des Urheberrechtes bed\u00fcrfen der schriftlichen Zustimmung des jeweiligen Autors bzw. Erstellers. Downloads und Kopien dieser Seite sind nur f\u00fcr den privaten, nicht kommerziellen Gebrauch gestattet. Soweit die Inhalte auf dieser Seite nicht vom Betreiber erstellt wurden, werden die Urheberrechte Dritter beachtet. Insbesondere werden Inhalte Dritter als solche gekennzeichnet. Sollten Sie trotzdem auf eine Urheberrechtsverletzung aufmerksam werden, bitten wir um einen entsprechenden Hinweis. Bei Bekanntwerden von Rechtsverletzungen werden wir derartige Inhalte umgehend entfernen. &nbsp; Quelle:&nbsp;https:\/\/www.e-recht24.de<\/p>\n","protected":false},"author":1,"featured_media":0,"parent":0,"menu_order":0,"comment_status":"closed","ping_status":"closed","template":"","meta":{"ngg_post_thumbnail":0,"ocean_post_layout":"","ocean_both_sidebars_style":"","ocean_both_sidebars_content_width":0,"ocean_both_sidebars_sidebars_width":0,"ocean_sidebar":"","ocean_second_sidebar":"","ocean_disable_margins":"enable","ocean_add_body_class":"","ocean_shortcode_before_top_bar":"","ocean_shortcode_after_top_bar":"","ocean_shortcode_before_header":"","ocean_shortcode_after_header":"","ocean_has_shortcode":"","ocean_shortcode_after_title":"","ocean_shortcode_before_footer_widgets":"","ocean_shortcode_after_footer_widgets":"","ocean_shortcode_before_footer_bottom":"","ocean_shortcode_after_footer_bottom":"","ocean_display_top_bar":"default","ocean_display_header":"default","ocean_header_style":"","ocean_center_header_left_menu":"","ocean_custom_header_template":"","ocean_custom_logo":0,"ocean_custom_retina_logo":0,"ocean_custom_logo_max_width":0,"ocean_custom_logo_tablet_max_width":0,"ocean_custom_logo_mobile_max_width":0,"ocean_custom_logo_max_height":0,"ocean_custom_logo_tablet_max_height":0,"ocean_custom_logo_mobile_max_height":0,"ocean_header_custom_menu":"","ocean_menu_typo_font_family":"","ocean_menu_typo_font_subset":"","ocean_menu_typo_font_size":0,"ocean_menu_typo_font_size_tablet":0,"ocean_menu_typo_font_size_mobile":0,"ocean_menu_typo_font_size_unit":"px","ocean_menu_typo_font_weight":"","ocean_menu_typo_font_weight_tablet":"","ocean_menu_typo_font_weight_mobile":"","ocean_menu_typo_transform":"","ocean_menu_typo_transform_tablet":"","ocean_menu_typo_transform_mobile":"","ocean_menu_typo_line_height":0,"ocean_menu_typo_line_height_tablet":0,"ocean_menu_typo_line_height_mobile":0,"ocean_menu_typo_line_height_unit":"","ocean_menu_typo_spacing":0,"ocean_menu_typo_spacing_tablet":0,"ocean_menu_typo_spacing_mobile":0,"ocean_menu_typo_spacing_unit":"","ocean_menu_link_color":"","ocean_menu_link_color_hover":"","ocean_menu_link_color_active":"","ocean_menu_link_background":"","ocean_menu_link_hover_background":"","ocean_menu_link_active_background":"","ocean_menu_social_links_bg":"","ocean_menu_social_hover_links_bg":"","ocean_menu_social_links_color":"","ocean_menu_social_hover_links_color":"","ocean_disable_title":"default","ocean_disable_heading":"default","ocean_post_title":"","ocean_post_subheading":"","ocean_post_title_style":"","ocean_post_title_background_color":"","ocean_post_title_background":0,"ocean_post_title_bg_image_position":"","ocean_post_title_bg_image_attachment":"","ocean_post_title_bg_image_repeat":"","ocean_post_title_bg_image_size":"","ocean_post_title_height":0,"ocean_post_title_bg_overlay":0.5,"ocean_post_title_bg_overlay_color":"","ocean_disable_breadcrumbs":"default","ocean_breadcrumbs_color":"","ocean_breadcrumbs_separator_color":"","ocean_breadcrumbs_links_color":"","ocean_breadcrumbs_links_hover_color":"","ocean_display_footer_widgets":"default","ocean_display_footer_bottom":"default","ocean_custom_footer_template":"","footnotes":""},"class_list":["post-28","page","type-page","status-publish","hentry","entry"],"_links":{"self":[{"href":"https:\/\/gitarrenfestivalwertingen.de\/index.php?rest_route=\/wp\/v2\/pages\/28","targetHints":{"allow":["GET"]}}],"collection":[{"href":"https:\/\/gitarrenfestivalwertingen.de\/index.php?rest_route=\/wp\/v2\/pages"}],"about":[{"href":"https:\/\/gitarrenfestivalwertingen.de\/index.php?rest_route=\/wp\/v2\/types\/page"}],"author":[{"embeddable":true,"href":"https:\/\/gitarrenfestivalwertingen.de\/index.php?rest_route=\/wp\/v2\/users\/1"}],"replies":[{"embeddable":true,"href":"https:\/\/gitarrenfestivalwertingen.de\/index.php?rest_route=%2Fwp%2Fv2%2Fcomments&post=28"}],"version-history":[{"count":6,"href":"https:\/\/gitarrenfestivalwertingen.de\/index.php?rest_route=\/wp\/v2\/pages\/28\/revisions"}],"predecessor-version":[{"id":1276,"href":"https:\/\/gitarrenfestivalwertingen.de\/index.php?rest_route=\/wp\/v2\/pages\/28\/revisions\/1276"}],"wp:attachment":[{"href":"https:\/\/gitarrenfestivalwertingen.de\/index.php?rest_route=%2Fwp%2Fv2%2Fmedia&parent=28"}],"curies":[{"name":"wp","href":"https:\/\/api.w.org\/{rel}","templated":true}]}}